{"id":10,"date":"2021-12-21T12:01:11","date_gmt":"2021-12-21T11:01:11","guid":{"rendered":"https:\/\/zibp.nuspirit.de\/zentrum\/?page_id=10"},"modified":"2024-10-30T09:40:08","modified_gmt":"2024-10-30T08:40:08","slug":"unser-team","status":"publish","type":"page","link":"https:\/\/zfi-berlin.de\/zentrum\/unser-team\/","title":{"rendered":"Team"},"content":{"rendered":"\t\t<div data-elementor-type=\"wp-page\" data-elementor-id=\"10\" class=\"elementor elementor-10\" data-elementor-post-type=\"page\">\n\t\t\t\t\t\t<section class=\"elementor-section elementor-top-section elementor-element elementor-element-39adcc1 elementor-section-height-min-height elementor-hidden-mobile elementor-section-boxed elementor-section-height-default elementor-section-items-middle qodef-elementor-content-no\" data-id=\"39adcc1\" data-element_type=\"section\" data-e-type=\"section\" data-settings=\"{&quot;background_background&quot;:&quot;classic&quot;}\">\n\t\t\t\t\t\t\t<div class=\"elementor-background-overlay\"><\/div>\n\t\t\t\t\t\t\t<div class=\"elementor-container elementor-column-gap-default\">\n\t\t\t\t\t<div class=\"elementor-column elementor-col-100 elementor-top-column elementor-element elementor-element-897a693\" data-id=\"897a693\" data-element_type=\"column\" data-e-type=\"column\">\n\t\t\t<div class=\"elementor-widget-wrap elementor-element-populated\">\n\t\t\t\t\t\t<div class=\"elementor-element elementor-element-a82e143 elementor-widget elementor-widget-spacer\" data-id=\"a82e143\" data-element_type=\"widget\" data-e-type=\"widget\" data-widget_type=\"spacer.default\">\n\t\t\t\t<div class=\"elementor-widget-container\">\n\t\t\t\t\t\t\t<div class=\"elementor-spacer\">\n\t\t\t<div class=\"elementor-spacer-inner\"><\/div>\n\t\t<\/div>\n\t\t\t\t\t\t<\/div>\n\t\t\t\t<\/div>\n\t\t\t\t<div class=\"elementor-element elementor-element-652f2e8 elementor-widget elementor-widget-spacer\" data-id=\"652f2e8\" data-element_type=\"widget\" data-e-type=\"widget\" data-widget_type=\"spacer.default\">\n\t\t\t\t<div class=\"elementor-widget-container\">\n\t\t\t\t\t\t\t<div class=\"elementor-spacer\">\n\t\t\t<div class=\"elementor-spacer-inner\"><\/div>\n\t\t<\/div>\n\t\t\t\t\t\t<\/div>\n\t\t\t\t<\/div>\n\t\t\t\t<div class=\"elementor-element elementor-element-02869b9 elementor-widget elementor-widget-heading\" data-id=\"02869b9\" data-element_type=\"widget\" data-e-type=\"widget\" data-widget_type=\"heading.default\">\n\t\t\t\t<div class=\"elementor-widget-container\">\n\t\t\t\t\t<h1 class=\"elementor-heading-title elementor-size-default\">Unser Team<\/h1>\t\t\t\t<\/div>\n\t\t\t\t<\/div>\n\t\t\t\t\t<\/div>\n\t\t<\/div>\n\t\t\t\t\t<\/div>\n\t\t<\/section>\n\t\t\t\t<section class=\"elementor-section elementor-top-section elementor-element elementor-element-d1a188a elementor-section-height-min-height elementor-hidden-desktop elementor-hidden-tablet elementor-section-boxed elementor-section-height-default elementor-section-items-middle qodef-elementor-content-no\" data-id=\"d1a188a\" data-element_type=\"section\" data-e-type=\"section\" data-settings=\"{&quot;background_background&quot;:&quot;classic&quot;}\">\n\t\t\t\t\t\t\t<div class=\"elementor-background-overlay\"><\/div>\n\t\t\t\t\t\t\t<div class=\"elementor-container elementor-column-gap-default\">\n\t\t\t\t\t<div class=\"elementor-column elementor-col-100 elementor-top-column elementor-element elementor-element-3eb3797\" data-id=\"3eb3797\" data-element_type=\"column\" data-e-type=\"column\">\n\t\t\t<div class=\"elementor-widget-wrap elementor-element-populated\">\n\t\t\t\t\t\t<div class=\"elementor-element elementor-element-15d2c20 elementor-widget elementor-widget-spacer\" data-id=\"15d2c20\" data-element_type=\"widget\" data-e-type=\"widget\" data-widget_type=\"spacer.default\">\n\t\t\t\t<div class=\"elementor-widget-container\">\n\t\t\t\t\t\t\t<div class=\"elementor-spacer\">\n\t\t\t<div class=\"elementor-spacer-inner\"><\/div>\n\t\t<\/div>\n\t\t\t\t\t\t<\/div>\n\t\t\t\t<\/div>\n\t\t\t\t<div class=\"elementor-element elementor-element-c96d11e elementor-widget elementor-widget-heading\" data-id=\"c96d11e\" data-element_type=\"widget\" data-e-type=\"widget\" data-widget_type=\"heading.default\">\n\t\t\t\t<div class=\"elementor-widget-container\">\n\t\t\t\t\t<h1 class=\"elementor-heading-title elementor-size-default\">Unser Team<\/h1>\t\t\t\t<\/div>\n\t\t\t\t<\/div>\n\t\t\t\t<div class=\"elementor-element elementor-element-2d2c5f8 elementor-widget elementor-widget-spacer\" data-id=\"2d2c5f8\" data-element_type=\"widget\" data-e-type=\"widget\" data-widget_type=\"spacer.default\">\n\t\t\t\t<div class=\"elementor-widget-container\">\n\t\t\t\t\t\t\t<div class=\"elementor-spacer\">\n\t\t\t<div class=\"elementor-spacer-inner\"><\/div>\n\t\t<\/div>\n\t\t\t\t\t\t<\/div>\n\t\t\t\t<\/div>\n\t\t\t\t\t<\/div>\n\t\t<\/div>\n\t\t\t\t\t<\/div>\n\t\t<\/section>\n\t\t\t\t<section class=\"elementor-section elementor-top-section elementor-element elementor-element-5dccf79 elementor-section-boxed elementor-section-height-default elementor-section-height-default qodef-elementor-content-no\" data-id=\"5dccf79\" data-element_type=\"section\" data-e-type=\"section\">\n\t\t\t\t\t\t<div class=\"elementor-container elementor-column-gap-default\">\n\t\t\t\t\t<div class=\"elementor-column elementor-col-100 elementor-top-column elementor-element elementor-element-cf6b200\" data-id=\"cf6b200\" data-element_type=\"column\" data-e-type=\"column\">\n\t\t\t<div class=\"elementor-widget-wrap elementor-element-populated\">\n\t\t\t\t\t\t<div class=\"elementor-element elementor-element-90a1d00 elementor-widget elementor-widget-spacer\" data-id=\"90a1d00\" data-element_type=\"widget\" data-e-type=\"widget\" data-widget_type=\"spacer.default\">\n\t\t\t\t<div class=\"elementor-widget-container\">\n\t\t\t\t\t\t\t<div class=\"elementor-spacer\">\n\t\t\t<div class=\"elementor-spacer-inner\"><\/div>\n\t\t<\/div>\n\t\t\t\t\t\t<\/div>\n\t\t\t\t<\/div>\n\t\t\t\t<div class=\"elementor-element elementor-element-823d8bb elementor-widget elementor-widget-text-editor\" data-id=\"823d8bb\" data-element_type=\"widget\" data-e-type=\"widget\" data-widget_type=\"text-editor.default\">\n\t\t\t\t<div class=\"elementor-widget-container\">\n\t\t\t\t\t\t\t\t\t<p>Als gr\u00f6\u00dftes Infektiologiezentrum in Berlin, ist neben den \u00c4rzt:innen das Verwaltungsteam ein wichtiger Faktor f\u00fcr die reibungslose Organisation im Zentrum f\u00fcr Infektiologie. Deshalb m\u00f6chten wir Ihnen die Gesch\u00e4ftsf\u00fchrer der einzelnen Bereiche sowie die Mitarbeiter:innen vorstellen.<\/p>\t\t\t\t\t\t\t\t<\/div>\n\t\t\t\t<\/div>\n\t\t\t\t\t<\/div>\n\t\t<\/div>\n\t\t\t\t\t<\/div>\n\t\t<\/section>\n\t\t\t\t<section class=\"elementor-section elementor-top-section elementor-element elementor-element-70bd00b elementor-section-boxed elementor-section-height-default elementor-section-height-default qodef-elementor-content-no\" data-id=\"70bd00b\" data-element_type=\"section\" data-e-type=\"section\">\n\t\t\t\t\t\t<div class=\"elementor-container elementor-column-gap-default\">\n\t\t\t\t\t<div class=\"elementor-column elementor-col-100 elementor-top-column elementor-element elementor-element-f7d7c25\" data-id=\"f7d7c25\" data-element_type=\"column\" data-e-type=\"column\">\n\t\t\t<div class=\"elementor-widget-wrap elementor-element-populated\">\n\t\t\t\t\t\t<div class=\"elementor-element elementor-element-35d9d16 elementor-widget elementor-widget-heading\" data-id=\"35d9d16\" data-element_type=\"widget\" data-e-type=\"widget\" data-widget_type=\"heading.default\">\n\t\t\t\t<div class=\"elementor-widget-container\">\n\t\t\t\t\t<h2 class=\"elementor-heading-title elementor-size-default\">Gesch\u00e4ftsf\u00fchrung<\/h2>\t\t\t\t<\/div>\n\t\t\t\t<\/div>\n\t\t\t\t\t<\/div>\n\t\t<\/div>\n\t\t\t\t\t<\/div>\n\t\t<\/section>\n\t\t\t\t<section class=\"elementor-section elementor-top-section elementor-element elementor-element-82248f6 elementor-section-boxed elementor-section-height-default elementor-section-height-default qodef-elementor-content-no\" data-id=\"82248f6\" data-element_type=\"section\" data-e-type=\"section\">\n\t\t\t\t\t\t<div class=\"elementor-container elementor-column-gap-default\">\n\t\t\t\t\t<div class=\"elementor-column elementor-col-25 elementor-top-column elementor-element elementor-element-045bb13\" data-id=\"045bb13\" data-element_type=\"column\" data-e-type=\"column\">\n\t\t\t<div class=\"elementor-widget-wrap elementor-element-populated\">\n\t\t\t\t\t\t<div class=\"elementor-element elementor-element-525bc3a elementor-widget elementor-widget-image\" data-id=\"525bc3a\" data-element_type=\"widget\" data-e-type=\"widget\" data-widget_type=\"image.default\">\n\t\t\t\t<div class=\"elementor-widget-container\">\n\t\t\t\t\t\t\t\t\t\t\t\t\t\t\t<img fetchpriority=\"high\" decoding=\"async\" width=\"250\" height=\"313\" src=\"https:\/\/zfi-berlin.de\/zentrum\/wp-content\/uploads\/sites\/2\/2022\/07\/Axel-Baumgarten_Zentrum-fuer-Infektiologie.jpg\" class=\"attachment-full size-full wp-image-393\" alt=\"Portrait von Dr. med. Axel Baumgarten, Facharzt f\u00fcr Allgemeinmedizin im Zentrum f\u00fcr Infektiologie\" srcset=\"https:\/\/zfi-berlin.de\/zentrum\/wp-content\/uploads\/sites\/2\/2022\/07\/Axel-Baumgarten_Zentrum-fuer-Infektiologie.jpg 250w, https:\/\/zfi-berlin.de\/zentrum\/wp-content\/uploads\/sites\/2\/2022\/07\/Axel-Baumgarten_Zentrum-fuer-Infektiologie-240x300.jpg 240w\" sizes=\"(max-width: 250px) 100vw, 250px\" \/>\t\t\t\t\t\t\t\t\t\t\t\t\t\t\t<\/div>\n\t\t\t\t<\/div>\n\t\t\t\t<div class=\"elementor-element elementor-element-d2c1910 elementor-widget elementor-widget-heading\" data-id=\"d2c1910\" data-element_type=\"widget\" data-e-type=\"widget\" data-widget_type=\"heading.default\">\n\t\t\t\t<div class=\"elementor-widget-container\">\n\t\t\t\t\t<h3 class=\"elementor-heading-title elementor-size-default\">Dr. med. <br>Axel Baumgarten<\/h3>\t\t\t\t<\/div>\n\t\t\t\t<\/div>\n\t\t\t\t\t<\/div>\n\t\t<\/div>\n\t\t\t\t<div class=\"elementor-column elementor-col-25 elementor-top-column elementor-element elementor-element-6e751eb\" data-id=\"6e751eb\" data-element_type=\"column\" data-e-type=\"column\">\n\t\t\t<div class=\"elementor-widget-wrap elementor-element-populated\">\n\t\t\t\t\t\t<div class=\"elementor-element elementor-element-872317e elementor-widget elementor-widget-image\" data-id=\"872317e\" data-element_type=\"widget\" data-e-type=\"widget\" data-widget_type=\"image.default\">\n\t\t\t\t<div class=\"elementor-widget-container\">\n\t\t\t\t\t\t\t\t\t\t\t\t\t\t\t<img decoding=\"async\" width=\"250\" height=\"313\" src=\"https:\/\/zfi-berlin.de\/zentrum\/wp-content\/uploads\/sites\/2\/2022\/08\/Volker-Polanco_Zentrum-fuer-Infektiologie.jpg\" class=\"attachment-full size-full wp-image-642\" alt=\"Volker Polanco, Gesch\u00e4ftsf\u00fchrer im Zentrum f\u00fcr Infektiologie\" srcset=\"https:\/\/zfi-berlin.de\/zentrum\/wp-content\/uploads\/sites\/2\/2022\/08\/Volker-Polanco_Zentrum-fuer-Infektiologie.jpg 250w, https:\/\/zfi-berlin.de\/zentrum\/wp-content\/uploads\/sites\/2\/2022\/08\/Volker-Polanco_Zentrum-fuer-Infektiologie-240x300.jpg 240w\" sizes=\"(max-width: 250px) 100vw, 250px\" \/>\t\t\t\t\t\t\t\t\t\t\t\t\t\t\t<\/div>\n\t\t\t\t<\/div>\n\t\t\t\t<div class=\"elementor-element elementor-element-51fcd63 elementor-widget elementor-widget-heading\" data-id=\"51fcd63\" data-element_type=\"widget\" data-e-type=\"widget\" data-widget_type=\"heading.default\">\n\t\t\t\t<div class=\"elementor-widget-container\">\n\t\t\t\t\t<h3 class=\"elementor-heading-title elementor-size-default\">Volker Polanco<\/h3>\t\t\t\t<\/div>\n\t\t\t\t<\/div>\n\t\t\t\t\t<\/div>\n\t\t<\/div>\n\t\t\t\t<div class=\"elementor-column elementor-col-25 elementor-top-column elementor-element elementor-element-33d8607\" data-id=\"33d8607\" data-element_type=\"column\" data-e-type=\"column\">\n\t\t\t<div class=\"elementor-widget-wrap\">\n\t\t\t\t\t\t\t<\/div>\n\t\t<\/div>\n\t\t\t\t<div class=\"elementor-column elementor-col-25 elementor-top-column elementor-element elementor-element-9d7820f\" data-id=\"9d7820f\" data-element_type=\"column\" data-e-type=\"column\">\n\t\t\t<div class=\"elementor-widget-wrap\">\n\t\t\t\t\t\t\t<\/div>\n\t\t<\/div>\n\t\t\t\t\t<\/div>\n\t\t<\/section>\n\t\t\t\t<section class=\"elementor-section elementor-top-section elementor-element elementor-element-009a1e2 elementor-section-boxed elementor-section-height-default elementor-section-height-default qodef-elementor-content-no\" data-id=\"009a1e2\" data-element_type=\"section\" data-e-type=\"section\">\n\t\t\t\t\t\t<div class=\"elementor-container elementor-column-gap-default\">\n\t\t\t\t\t<div class=\"elementor-column elementor-col-100 elementor-top-column elementor-element elementor-element-9e9453b\" data-id=\"9e9453b\" data-element_type=\"column\" data-e-type=\"column\">\n\t\t\t<div class=\"elementor-widget-wrap elementor-element-populated\">\n\t\t\t\t\t\t<div class=\"elementor-element elementor-element-2b66f56 elementor-widget elementor-widget-heading\" data-id=\"2b66f56\" data-element_type=\"widget\" data-e-type=\"widget\" data-widget_type=\"heading.default\">\n\t\t\t\t<div class=\"elementor-widget-container\">\n\t\t\t\t\t<h2 class=\"elementor-heading-title elementor-size-default\">Mitarbeiter:innen<\/h2>\t\t\t\t<\/div>\n\t\t\t\t<\/div>\n\t\t\t\t\t<\/div>\n\t\t<\/div>\n\t\t\t\t\t<\/div>\n\t\t<\/section>\n\t\t\t\t<section class=\"elementor-section elementor-top-section elementor-element elementor-element-1fc48c6 elementor-section-boxed elementor-section-height-default elementor-section-height-default qodef-elementor-content-no\" data-id=\"1fc48c6\" data-element_type=\"section\" data-e-type=\"section\">\n\t\t\t\t\t\t<div class=\"elementor-container elementor-column-gap-default\">\n\t\t\t\t\t<div class=\"elementor-column elementor-col-25 elementor-top-column elementor-element elementor-element-4e581bc\" data-id=\"4e581bc\" data-element_type=\"column\" data-e-type=\"column\">\n\t\t\t<div class=\"elementor-widget-wrap elementor-element-populated\">\n\t\t\t\t\t\t<div class=\"elementor-element elementor-element-8effa9f elementor-widget elementor-widget-image\" data-id=\"8effa9f\" data-element_type=\"widget\" data-e-type=\"widget\" data-widget_type=\"image.default\">\n\t\t\t\t<div class=\"elementor-widget-container\">\n\t\t\t\t\t\t\t\t\t\t\t\t\t\t\t<img decoding=\"async\" width=\"250\" height=\"313\" src=\"https:\/\/zfi-berlin.de\/zentrum\/wp-content\/uploads\/sites\/2\/2022\/07\/Simone-Lisy_Zentrum-fuer-Infektiologie.jpg\" class=\"attachment-full size-full wp-image-398\" alt=\"Portrait von Simone Lisy, Verwaltungsleiterin im Zentrum f\u00fcr Infektiologie\" srcset=\"https:\/\/zfi-berlin.de\/zentrum\/wp-content\/uploads\/sites\/2\/2022\/07\/Simone-Lisy_Zentrum-fuer-Infektiologie.jpg 250w, https:\/\/zfi-berlin.de\/zentrum\/wp-content\/uploads\/sites\/2\/2022\/07\/Simone-Lisy_Zentrum-fuer-Infektiologie-240x300.jpg 240w\" sizes=\"(max-width: 250px) 100vw, 250px\" \/>\t\t\t\t\t\t\t\t\t\t\t\t\t\t\t<\/div>\n\t\t\t\t<\/div>\n\t\t\t\t<div class=\"elementor-element elementor-element-7237236 elementor-widget elementor-widget-heading\" data-id=\"7237236\" data-element_type=\"widget\" data-e-type=\"widget\" data-widget_type=\"heading.default\">\n\t\t\t\t<div class=\"elementor-widget-container\">\n\t\t\t\t\t<h3 class=\"elementor-heading-title elementor-size-default\">Simone Lisy<\/h3>\t\t\t\t<\/div>\n\t\t\t\t<\/div>\n\t\t\t\t<div class=\"elementor-element elementor-element-27e883b elementor-widget elementor-widget-text-editor\" data-id=\"27e883b\" data-element_type=\"widget\" data-e-type=\"widget\" data-widget_type=\"text-editor.default\">\n\t\t\t\t<div class=\"elementor-widget-container\">\n\t\t\t\t\t\t\t\t\t<p>Verwaltungsleiterin, Wirtschaftsfachwirtin<\/p>\t\t\t\t\t\t\t\t<\/div>\n\t\t\t\t<\/div>\n\t\t\t\t\t<\/div>\n\t\t<\/div>\n\t\t\t\t<div class=\"elementor-column elementor-col-25 elementor-top-column elementor-element elementor-element-a3cdf2c\" data-id=\"a3cdf2c\" data-element_type=\"column\" data-e-type=\"column\">\n\t\t\t<div class=\"elementor-widget-wrap elementor-element-populated\">\n\t\t\t\t\t\t<div class=\"elementor-element elementor-element-62cbde4 elementor-widget elementor-widget-image\" data-id=\"62cbde4\" data-element_type=\"widget\" data-e-type=\"widget\" data-widget_type=\"image.default\">\n\t\t\t\t<div class=\"elementor-widget-container\">\n\t\t\t\t\t\t\t\t\t\t\t\t\t\t\t<img loading=\"lazy\" decoding=\"async\" width=\"800\" height=\"1000\" src=\"https:\/\/zfi-berlin.de\/zentrum\/wp-content\/uploads\/sites\/2\/2022\/07\/MitarbeiterInnen_Zentrum-fuer-Infektiologie_Zentrum.jpg\" class=\"attachment-full size-full wp-image-397\" alt=\"Mitarbeiter:innen Zentrum f\u00fcr Infektiologie\" srcset=\"https:\/\/zfi-berlin.de\/zentrum\/wp-content\/uploads\/sites\/2\/2022\/07\/MitarbeiterInnen_Zentrum-fuer-Infektiologie_Zentrum.jpg 800w, https:\/\/zfi-berlin.de\/zentrum\/wp-content\/uploads\/sites\/2\/2022\/07\/MitarbeiterInnen_Zentrum-fuer-Infektiologie_Zentrum-240x300.jpg 240w, https:\/\/zfi-berlin.de\/zentrum\/wp-content\/uploads\/sites\/2\/2022\/07\/MitarbeiterInnen_Zentrum-fuer-Infektiologie_Zentrum-768x960.jpg 768w\" sizes=\"(max-width: 800px) 100vw, 800px\" \/>\t\t\t\t\t\t\t\t\t\t\t\t\t\t\t<\/div>\n\t\t\t\t<\/div>\n\t\t\t\t<div class=\"elementor-element elementor-element-ed88ac5 elementor-widget elementor-widget-heading\" data-id=\"ed88ac5\" data-element_type=\"widget\" data-e-type=\"widget\" data-widget_type=\"heading.default\">\n\t\t\t\t<div class=\"elementor-widget-container\">\n\t\t\t\t\t<h3 class=\"elementor-heading-title elementor-size-default\">Petra Hilgers<\/h3>\t\t\t\t<\/div>\n\t\t\t\t<\/div>\n\t\t\t\t<div class=\"elementor-element elementor-element-84963c1 elementor-widget elementor-widget-text-editor\" data-id=\"84963c1\" data-element_type=\"widget\" data-e-type=\"widget\" data-widget_type=\"text-editor.default\">\n\t\t\t\t<div class=\"elementor-widget-container\">\n\t\t\t\t\t\t\t\t\t<p>Verwaltungsfachkraft<\/p>\t\t\t\t\t\t\t\t<\/div>\n\t\t\t\t<\/div>\n\t\t\t\t\t<\/div>\n\t\t<\/div>\n\t\t\t\t<div class=\"elementor-column elementor-col-25 elementor-top-column elementor-element elementor-element-71c4ef5\" data-id=\"71c4ef5\" data-element_type=\"column\" data-e-type=\"column\">\n\t\t\t<div class=\"elementor-widget-wrap elementor-element-populated\">\n\t\t\t\t\t\t<div class=\"elementor-element elementor-element-fbc3424 elementor-widget elementor-widget-image\" data-id=\"fbc3424\" data-element_type=\"widget\" data-e-type=\"widget\" data-widget_type=\"image.default\">\n\t\t\t\t<div class=\"elementor-widget-container\">\n\t\t\t\t\t\t\t\t\t\t\t\t\t\t\t<img loading=\"lazy\" decoding=\"async\" width=\"800\" height=\"1000\" src=\"https:\/\/zfi-berlin.de\/zentrum\/wp-content\/uploads\/sites\/2\/2022\/07\/MitarbeiterInnen_Zentrum-fuer-Infektiologie_Zentrum.jpg\" class=\"attachment-full size-full wp-image-397\" alt=\"Mitarbeiter:innen Zentrum f\u00fcr Infektiologie\" srcset=\"https:\/\/zfi-berlin.de\/zentrum\/wp-content\/uploads\/sites\/2\/2022\/07\/MitarbeiterInnen_Zentrum-fuer-Infektiologie_Zentrum.jpg 800w, https:\/\/zfi-berlin.de\/zentrum\/wp-content\/uploads\/sites\/2\/2022\/07\/MitarbeiterInnen_Zentrum-fuer-Infektiologie_Zentrum-240x300.jpg 240w, https:\/\/zfi-berlin.de\/zentrum\/wp-content\/uploads\/sites\/2\/2022\/07\/MitarbeiterInnen_Zentrum-fuer-Infektiologie_Zentrum-768x960.jpg 768w\" sizes=\"(max-width: 800px) 100vw, 800px\" \/>\t\t\t\t\t\t\t\t\t\t\t\t\t\t\t<\/div>\n\t\t\t\t<\/div>\n\t\t\t\t<div class=\"elementor-element elementor-element-e91504e elementor-widget elementor-widget-heading\" data-id=\"e91504e\" data-element_type=\"widget\" data-e-type=\"widget\" data-widget_type=\"heading.default\">\n\t\t\t\t<div class=\"elementor-widget-container\">\n\t\t\t\t\t<h3 class=\"elementor-heading-title elementor-size-default\">Karin Ewald<\/h3>\t\t\t\t<\/div>\n\t\t\t\t<\/div>\n\t\t\t\t<div class=\"elementor-element elementor-element-22b31df elementor-widget elementor-widget-text-editor\" data-id=\"22b31df\" data-element_type=\"widget\" data-e-type=\"widget\" data-widget_type=\"text-editor.default\">\n\t\t\t\t<div class=\"elementor-widget-container\">\n\t\t\t\t\t\t\t\t\t<p>Verwaltungsfachkraft<\/p>\t\t\t\t\t\t\t\t<\/div>\n\t\t\t\t<\/div>\n\t\t\t\t\t<\/div>\n\t\t<\/div>\n\t\t\t\t<div class=\"elementor-column elementor-col-25 elementor-top-column elementor-element elementor-element-9a84317\" data-id=\"9a84317\" data-element_type=\"column\" data-e-type=\"column\">\n\t\t\t<div class=\"elementor-widget-wrap elementor-element-populated\">\n\t\t\t\t\t\t<div class=\"elementor-element elementor-element-d47d788 elementor-widget elementor-widget-image\" data-id=\"d47d788\" data-element_type=\"widget\" data-e-type=\"widget\" data-widget_type=\"image.default\">\n\t\t\t\t<div class=\"elementor-widget-container\">\n\t\t\t\t\t\t\t\t\t\t\t\t\t\t\t<img loading=\"lazy\" decoding=\"async\" width=\"250\" height=\"313\" src=\"https:\/\/zfi-berlin.de\/zentrum\/wp-content\/uploads\/sites\/2\/2022\/07\/Stefanie-Matos_Zentrum-fuer-Infektiologie.jpg\" class=\"attachment-full size-full wp-image-399\" alt=\"Portrait von Stefanie Matos, Verwaltungsmitarbeiterin im Zentrum f\u00fcr Infektiologie\" srcset=\"https:\/\/zfi-berlin.de\/zentrum\/wp-content\/uploads\/sites\/2\/2022\/07\/Stefanie-Matos_Zentrum-fuer-Infektiologie.jpg 250w, https:\/\/zfi-berlin.de\/zentrum\/wp-content\/uploads\/sites\/2\/2022\/07\/Stefanie-Matos_Zentrum-fuer-Infektiologie-240x300.jpg 240w\" sizes=\"(max-width: 250px) 100vw, 250px\" \/>\t\t\t\t\t\t\t\t\t\t\t\t\t\t\t<\/div>\n\t\t\t\t<\/div>\n\t\t\t\t<div class=\"elementor-element elementor-element-029dfe9 elementor-widget elementor-widget-heading\" data-id=\"029dfe9\" data-element_type=\"widget\" data-e-type=\"widget\" data-widget_type=\"heading.default\">\n\t\t\t\t<div class=\"elementor-widget-container\">\n\t\t\t\t\t<h3 class=\"elementor-heading-title elementor-size-default\">Stephanie Matos<\/h3>\t\t\t\t<\/div>\n\t\t\t\t<\/div>\n\t\t\t\t<div class=\"elementor-element elementor-element-c8e75e3 elementor-widget elementor-widget-text-editor\" data-id=\"c8e75e3\" data-element_type=\"widget\" data-e-type=\"widget\" data-widget_type=\"text-editor.default\">\n\t\t\t\t<div class=\"elementor-widget-container\">\n\t\t\t\t\t\t\t\t\t<p>Verwaltungsfachkraft<\/p>\t\t\t\t\t\t\t\t<\/div>\n\t\t\t\t<\/div>\n\t\t\t\t\t<\/div>\n\t\t<\/div>\n\t\t\t\t\t<\/div>\n\t\t<\/section>\n\t\t\t\t<section class=\"elementor-section elementor-top-section elementor-element elementor-element-0af7c54 elementor-section-boxed elementor-section-height-default elementor-section-height-default qodef-elementor-content-no\" data-id=\"0af7c54\" data-element_type=\"section\" data-e-type=\"section\">\n\t\t\t\t\t\t<div class=\"elementor-container elementor-column-gap-default\">\n\t\t\t\t\t<div class=\"elementor-column elementor-col-25 elementor-top-column elementor-element elementor-element-335f67f\" data-id=\"335f67f\" data-element_type=\"column\" data-e-type=\"column\">\n\t\t\t<div class=\"elementor-widget-wrap elementor-element-populated\">\n\t\t\t\t\t\t<div class=\"elementor-element elementor-element-df14be4 elementor-widget elementor-widget-image\" data-id=\"df14be4\" data-element_type=\"widget\" data-e-type=\"widget\" data-widget_type=\"image.default\">\n\t\t\t\t<div class=\"elementor-widget-container\">\n\t\t\t\t\t\t\t\t\t\t\t\t\t\t\t<img loading=\"lazy\" decoding=\"async\" width=\"250\" height=\"313\" src=\"https:\/\/zfi-berlin.de\/zentrum\/wp-content\/uploads\/sites\/2\/2022\/07\/Miriam-Polanco_Zentrum-fuer-Infektiologie.jpg\" class=\"attachment-full size-full wp-image-400\" alt=\"Portrait von Miriam Polanco, Verwaltungsmitarbeiterin im Zentrum f\u00fcr Infektiologie\" srcset=\"https:\/\/zfi-berlin.de\/zentrum\/wp-content\/uploads\/sites\/2\/2022\/07\/Miriam-Polanco_Zentrum-fuer-Infektiologie.jpg 250w, https:\/\/zfi-berlin.de\/zentrum\/wp-content\/uploads\/sites\/2\/2022\/07\/Miriam-Polanco_Zentrum-fuer-Infektiologie-240x300.jpg 240w\" sizes=\"(max-width: 250px) 100vw, 250px\" \/>\t\t\t\t\t\t\t\t\t\t\t\t\t\t\t<\/div>\n\t\t\t\t<\/div>\n\t\t\t\t<div class=\"elementor-element elementor-element-fb484a2 elementor-widget elementor-widget-heading\" data-id=\"fb484a2\" data-element_type=\"widget\" data-e-type=\"widget\" data-widget_type=\"heading.default\">\n\t\t\t\t<div class=\"elementor-widget-container\">\n\t\t\t\t\t<h3 class=\"elementor-heading-title elementor-size-default\">Miriam Polanco<\/h3>\t\t\t\t<\/div>\n\t\t\t\t<\/div>\n\t\t\t\t<div class=\"elementor-element elementor-element-aad62d1 elementor-widget elementor-widget-text-editor\" data-id=\"aad62d1\" data-element_type=\"widget\" data-e-type=\"widget\" data-widget_type=\"text-editor.default\">\n\t\t\t\t<div class=\"elementor-widget-container\">\n\t\t\t\t\t\t\t\t\t<p>Verwaltungsmitarbeiterin<\/p>\t\t\t\t\t\t\t\t<\/div>\n\t\t\t\t<\/div>\n\t\t\t\t\t<\/div>\n\t\t<\/div>\n\t\t\t\t<div class=\"elementor-column elementor-col-25 elementor-top-column elementor-element elementor-element-fa92c6f\" data-id=\"fa92c6f\" data-element_type=\"column\" data-e-type=\"column\">\n\t\t\t<div class=\"elementor-widget-wrap elementor-element-populated\">\n\t\t\t\t\t\t<div class=\"elementor-element elementor-element-95cae7a elementor-widget elementor-widget-image\" data-id=\"95cae7a\" data-element_type=\"widget\" data-e-type=\"widget\" data-widget_type=\"image.default\">\n\t\t\t\t<div class=\"elementor-widget-container\">\n\t\t\t\t\t\t\t\t\t\t\t\t\t\t\t<img loading=\"lazy\" decoding=\"async\" width=\"800\" height=\"1000\" src=\"https:\/\/zfi-berlin.de\/zentrum\/wp-content\/uploads\/sites\/2\/2022\/07\/MitarbeiterInnen_Zentrum-fuer-Infektiologie_Zentrum.jpg\" class=\"attachment-full size-full wp-image-397\" alt=\"Mitarbeiter:innen Zentrum f\u00fcr Infektiologie\" srcset=\"https:\/\/zfi-berlin.de\/zentrum\/wp-content\/uploads\/sites\/2\/2022\/07\/MitarbeiterInnen_Zentrum-fuer-Infektiologie_Zentrum.jpg 800w, https:\/\/zfi-berlin.de\/zentrum\/wp-content\/uploads\/sites\/2\/2022\/07\/MitarbeiterInnen_Zentrum-fuer-Infektiologie_Zentrum-240x300.jpg 240w, https:\/\/zfi-berlin.de\/zentrum\/wp-content\/uploads\/sites\/2\/2022\/07\/MitarbeiterInnen_Zentrum-fuer-Infektiologie_Zentrum-768x960.jpg 768w\" sizes=\"(max-width: 800px) 100vw, 800px\" \/>\t\t\t\t\t\t\t\t\t\t\t\t\t\t\t<\/div>\n\t\t\t\t<\/div>\n\t\t\t\t<div class=\"elementor-element elementor-element-17eefec elementor-widget elementor-widget-heading\" data-id=\"17eefec\" data-element_type=\"widget\" data-e-type=\"widget\" data-widget_type=\"heading.default\">\n\t\t\t\t<div class=\"elementor-widget-container\">\n\t\t\t\t\t<h3 class=\"elementor-heading-title elementor-size-default\">Katharina Zenker<\/h3>\t\t\t\t<\/div>\n\t\t\t\t<\/div>\n\t\t\t\t<div class=\"elementor-element elementor-element-d138029 elementor-widget elementor-widget-text-editor\" data-id=\"d138029\" data-element_type=\"widget\" data-e-type=\"widget\" data-widget_type=\"text-editor.default\">\n\t\t\t\t<div class=\"elementor-widget-container\">\n\t\t\t\t\t\t\t\t\t<p>Verwaltungsmitarbeiterin<\/p>\t\t\t\t\t\t\t\t<\/div>\n\t\t\t\t<\/div>\n\t\t\t\t\t<\/div>\n\t\t<\/div>\n\t\t\t\t<div class=\"elementor-column elementor-col-25 elementor-top-column elementor-element elementor-element-cdfe113\" data-id=\"cdfe113\" data-element_type=\"column\" data-e-type=\"column\">\n\t\t\t<div class=\"elementor-widget-wrap elementor-element-populated\">\n\t\t\t\t\t\t<div class=\"elementor-element elementor-element-220a788 elementor-widget elementor-widget-image\" data-id=\"220a788\" data-element_type=\"widget\" data-e-type=\"widget\" data-widget_type=\"image.default\">\n\t\t\t\t<div class=\"elementor-widget-container\">\n\t\t\t\t\t\t\t\t\t\t\t\t\t\t\t<img loading=\"lazy\" decoding=\"async\" width=\"800\" height=\"1000\" src=\"https:\/\/zfi-berlin.de\/zentrum\/wp-content\/uploads\/sites\/2\/2022\/07\/MitarbeiterInnen_Zentrum-fuer-Infektiologie_Zentrum.jpg\" class=\"attachment-full size-full wp-image-397\" alt=\"Mitarbeiter:innen Zentrum f\u00fcr Infektiologie\" srcset=\"https:\/\/zfi-berlin.de\/zentrum\/wp-content\/uploads\/sites\/2\/2022\/07\/MitarbeiterInnen_Zentrum-fuer-Infektiologie_Zentrum.jpg 800w, https:\/\/zfi-berlin.de\/zentrum\/wp-content\/uploads\/sites\/2\/2022\/07\/MitarbeiterInnen_Zentrum-fuer-Infektiologie_Zentrum-240x300.jpg 240w, https:\/\/zfi-berlin.de\/zentrum\/wp-content\/uploads\/sites\/2\/2022\/07\/MitarbeiterInnen_Zentrum-fuer-Infektiologie_Zentrum-768x960.jpg 768w\" sizes=\"(max-width: 800px) 100vw, 800px\" \/>\t\t\t\t\t\t\t\t\t\t\t\t\t\t\t<\/div>\n\t\t\t\t<\/div>\n\t\t\t\t<div class=\"elementor-element elementor-element-b53da8b elementor-widget elementor-widget-heading\" data-id=\"b53da8b\" data-element_type=\"widget\" data-e-type=\"widget\" data-widget_type=\"heading.default\">\n\t\t\t\t<div class=\"elementor-widget-container\">\n\t\t\t\t\t<h3 class=\"elementor-heading-title elementor-size-default\">Martin<\/h3>\t\t\t\t<\/div>\n\t\t\t\t<\/div>\n\t\t\t\t<div class=\"elementor-element elementor-element-0cd80d3 elementor-widget elementor-widget-text-editor\" data-id=\"0cd80d3\" data-element_type=\"widget\" data-e-type=\"widget\" data-widget_type=\"text-editor.default\">\n\t\t\t\t<div class=\"elementor-widget-container\">\n\t\t\t\t\t\t\t\t\t<p>Techniker<\/p>\t\t\t\t\t\t\t\t<\/div>\n\t\t\t\t<\/div>\n\t\t\t\t\t<\/div>\n\t\t<\/div>\n\t\t\t\t<div class=\"elementor-column elementor-col-25 elementor-top-column elementor-element elementor-element-860c447\" data-id=\"860c447\" data-element_type=\"column\" data-e-type=\"column\">\n\t\t\t<div class=\"elementor-widget-wrap elementor-element-populated\">\n\t\t\t\t\t\t<div class=\"elementor-element elementor-element-64aaafd elementor-widget elementor-widget-image\" data-id=\"64aaafd\" data-element_type=\"widget\" data-e-type=\"widget\" data-widget_type=\"image.default\">\n\t\t\t\t<div class=\"elementor-widget-container\">\n\t\t\t\t\t\t\t\t\t\t\t\t\t\t\t<img loading=\"lazy\" decoding=\"async\" width=\"250\" height=\"313\" src=\"https:\/\/zfi-berlin.de\/zentrum\/wp-content\/uploads\/sites\/2\/2022\/07\/Karl-Heinz_Zentrum-fuer-Infektiologie.jpg\" class=\"attachment-full size-full wp-image-401\" alt=\"Portrait von Karls-Heinz, Techniker im Zentrum f\u00fcr Infektiologie\" srcset=\"https:\/\/zfi-berlin.de\/zentrum\/wp-content\/uploads\/sites\/2\/2022\/07\/Karl-Heinz_Zentrum-fuer-Infektiologie.jpg 250w, https:\/\/zfi-berlin.de\/zentrum\/wp-content\/uploads\/sites\/2\/2022\/07\/Karl-Heinz_Zentrum-fuer-Infektiologie-240x300.jpg 240w\" sizes=\"(max-width: 250px) 100vw, 250px\" \/>\t\t\t\t\t\t\t\t\t\t\t\t\t\t\t<\/div>\n\t\t\t\t<\/div>\n\t\t\t\t<div class=\"elementor-element elementor-element-2b612b9 elementor-widget elementor-widget-heading\" data-id=\"2b612b9\" data-element_type=\"widget\" data-e-type=\"widget\" data-widget_type=\"heading.default\">\n\t\t\t\t<div class=\"elementor-widget-container\">\n\t\t\t\t\t<h3 class=\"elementor-heading-title elementor-size-default\">Karl-Heinz<\/h3>\t\t\t\t<\/div>\n\t\t\t\t<\/div>\n\t\t\t\t<div class=\"elementor-element elementor-element-7b603c6 elementor-widget elementor-widget-text-editor\" data-id=\"7b603c6\" data-element_type=\"widget\" data-e-type=\"widget\" data-widget_type=\"text-editor.default\">\n\t\t\t\t<div class=\"elementor-widget-container\">\n\t\t\t\t\t\t\t\t\t<p>Techniker<\/p>\t\t\t\t\t\t\t\t<\/div>\n\t\t\t\t<\/div>\n\t\t\t\t\t<\/div>\n\t\t<\/div>\n\t\t\t\t\t<\/div>\n\t\t<\/section>\n\t\t\t\t<\/div>\n\t\t","protected":false},"excerpt":{"rendered":"<p>Unser Team Unser Team Als gr\u00f6\u00dftes Infektiologiezentrum in Berlin, ist neben den \u00c4rzt:innen das Verwaltungsteam ein wichtiger Faktor f\u00fcr die reibungslose Organisation im Zentrum f\u00fcr Infektiologie. Deshalb m\u00f6chten wir Ihnen die Gesch\u00e4ftsf\u00fchrer der einzelnen Bereiche sowie die Mitarbeiter:innen vorstellen. Gesch\u00e4ftsf\u00fchrung Dr. med. Axel Baumgarten Volker Polanco Mitarbeiter:innen Simone Lisy Verwaltungsleiterin, Wirtschaftsfachwirtin Petra Hilgers Verwaltungsfachkraft Karin [&hellip;]<\/p>\n","protected":false},"author":3,"featured_media":156,"parent":0,"menu_order":0,"comment_status":"closed","ping_status":"closed","template":"page-full-width.php","meta":{"footnotes":""},"class_list":["post-10","page","type-page","status-publish","has-post-thumbnail","hentry"],"yoast_head":"<!-- This site is optimized with the Yoast SEO plugin v27.5 - https:\/\/yoast.com\/product\/yoast-seo-wordpress\/ -->\n<title>Team - Zentrum<\/title>\n<meta name=\"description\" content=\"Lernen Sie unsere Mitarbeiter:innen der Zentrum f\u00fcr Infektiologie GmbH kennen.\" \/>\n<meta name=\"robots\" content=\"index, follow, max-snippet:-1, max-image-preview:large, max-video-preview:-1\" \/>\n<link rel=\"canonical\" href=\"https:\/\/zfi-berlin.de\/zentrum\/unser-team\/\" \/>\n<meta property=\"og:locale\" content=\"de_DE\" \/>\n<meta property=\"og:type\" content=\"article\" \/>\n<meta property=\"og:title\" content=\"Team - Zentrum\" \/>\n<meta property=\"og:description\" content=\"Lernen Sie unsere Mitarbeiter:innen der Zentrum f\u00fcr Infektiologie GmbH kennen.\" \/>\n<meta property=\"og:url\" content=\"https:\/\/zfi-berlin.de\/zentrum\/unser-team\/\" \/>\n<meta property=\"og:site_name\" content=\"Zentrum\" \/>\n<meta property=\"article:modified_time\" content=\"2024-10-30T08:40:08+00:00\" \/>\n<meta property=\"og:image\" content=\"https:\/\/zfi-berlin.de\/zentrum\/wp-content\/uploads\/sites\/2\/2022\/05\/Zentrum-Infektiologie_Favicon_Dach.png\" \/>\n\t<meta property=\"og:image:width\" content=\"151\" \/>\n\t<meta property=\"og:image:height\" content=\"151\" \/>\n\t<meta property=\"og:image:type\" content=\"image\/png\" \/>\n<meta name=\"twitter:card\" content=\"summary_large_image\" \/>\n<meta name=\"twitter:label1\" content=\"Gesch\u00e4tzte Lesezeit\" \/>\n\t<meta name=\"twitter:data1\" content=\"3\u00a0Minuten\" \/>\n<script type=\"application\/ld+json\" class=\"yoast-schema-graph\">{\"@context\":\"https:\\\/\\\/schema.org\",\"@graph\":[{\"@type\":\"WebPage\",\"@id\":\"https:\\\/\\\/zfi-berlin.de\\\/zentrum\\\/unser-team\\\/\",\"url\":\"https:\\\/\\\/zfi-berlin.de\\\/zentrum\\\/unser-team\\\/\",\"name\":\"Team - Zentrum\",\"isPartOf\":{\"@id\":\"https:\\\/\\\/zfi-berlin.de\\\/zentrum\\\/#website\"},\"primaryImageOfPage\":{\"@id\":\"https:\\\/\\\/zfi-berlin.de\\\/zentrum\\\/unser-team\\\/#primaryimage\"},\"image\":{\"@id\":\"https:\\\/\\\/zfi-berlin.de\\\/zentrum\\\/unser-team\\\/#primaryimage\"},\"thumbnailUrl\":\"https:\\\/\\\/zfi-berlin.de\\\/zentrum\\\/wp-content\\\/uploads\\\/sites\\\/2\\\/2022\\\/05\\\/Zentrum-Infektiologie_Favicon_Dach.png\",\"datePublished\":\"2021-12-21T11:01:11+00:00\",\"dateModified\":\"2024-10-30T08:40:08+00:00\",\"description\":\"Lernen Sie unsere Mitarbeiter:innen der Zentrum f\u00fcr Infektiologie GmbH kennen.\",\"breadcrumb\":{\"@id\":\"https:\\\/\\\/zfi-berlin.de\\\/zentrum\\\/unser-team\\\/#breadcrumb\"},\"inLanguage\":\"de\",\"potentialAction\":[{\"@type\":\"ReadAction\",\"target\":[\"https:\\\/\\\/zfi-berlin.de\\\/zentrum\\\/unser-team\\\/\"]}]},{\"@type\":\"ImageObject\",\"inLanguage\":\"de\",\"@id\":\"https:\\\/\\\/zfi-berlin.de\\\/zentrum\\\/unser-team\\\/#primaryimage\",\"url\":\"https:\\\/\\\/zfi-berlin.de\\\/zentrum\\\/wp-content\\\/uploads\\\/sites\\\/2\\\/2022\\\/05\\\/Zentrum-Infektiologie_Favicon_Dach.png\",\"contentUrl\":\"https:\\\/\\\/zfi-berlin.de\\\/zentrum\\\/wp-content\\\/uploads\\\/sites\\\/2\\\/2022\\\/05\\\/Zentrum-Infektiologie_Favicon_Dach.png\",\"width\":151,\"height\":151,\"caption\":\"Zentrum fuer Infektiologie Favicon Logo der Dachmarke\"},{\"@type\":\"BreadcrumbList\",\"@id\":\"https:\\\/\\\/zfi-berlin.de\\\/zentrum\\\/unser-team\\\/#breadcrumb\",\"itemListElement\":[{\"@type\":\"ListItem\",\"position\":1,\"name\":\"Startseite\",\"item\":\"https:\\\/\\\/zfi-berlin.de\\\/zentrum\\\/\"},{\"@type\":\"ListItem\",\"position\":2,\"name\":\"Team\"}]},{\"@type\":\"WebSite\",\"@id\":\"https:\\\/\\\/zfi-berlin.de\\\/zentrum\\\/#website\",\"url\":\"https:\\\/\\\/zfi-berlin.de\\\/zentrum\\\/\",\"name\":\"Zentrum\",\"description\":\"Zentrum f\u00fcr Infektiologie\",\"publisher\":{\"@id\":\"https:\\\/\\\/zfi-berlin.de\\\/zentrum\\\/#organization\"},\"potentialAction\":[{\"@type\":\"SearchAction\",\"target\":{\"@type\":\"EntryPoint\",\"urlTemplate\":\"https:\\\/\\\/zfi-berlin.de\\\/zentrum\\\/?s={search_term_string}\"},\"query-input\":{\"@type\":\"PropertyValueSpecification\",\"valueRequired\":true,\"valueName\":\"search_term_string\"}}],\"inLanguage\":\"de\"},{\"@type\":\"Organization\",\"@id\":\"https:\\\/\\\/zfi-berlin.de\\\/zentrum\\\/#organization\",\"name\":\"Zentrum f\u00fcr Infektiologie\",\"url\":\"https:\\\/\\\/zfi-berlin.de\\\/zentrum\\\/\",\"logo\":{\"@type\":\"ImageObject\",\"inLanguage\":\"de\",\"@id\":\"https:\\\/\\\/zfi-berlin.de\\\/zentrum\\\/#\\\/schema\\\/logo\\\/image\\\/\",\"url\":\"https:\\\/\\\/zfi-berlin.de\\\/zentrum\\\/wp-content\\\/uploads\\\/sites\\\/2\\\/2021\\\/12\\\/Zentrum-Infektiologie_Logo.png\",\"contentUrl\":\"https:\\\/\\\/zfi-berlin.de\\\/zentrum\\\/wp-content\\\/uploads\\\/sites\\\/2\\\/2021\\\/12\\\/Zentrum-Infektiologie_Logo.png\",\"width\":4216,\"height\":2730,\"caption\":\"Zentrum f\u00fcr Infektiologie\"},\"image\":{\"@id\":\"https:\\\/\\\/zfi-berlin.de\\\/zentrum\\\/#\\\/schema\\\/logo\\\/image\\\/\"}}]}<\/script>\n<!-- \/ Yoast SEO plugin. -->","yoast_head_json":{"title":"Team - Zentrum","description":"Lernen Sie unsere Mitarbeiter:innen der Zentrum f\u00fcr Infektiologie GmbH kennen.","robots":{"index":"index","follow":"follow","max-snippet":"max-snippet:-1","max-image-preview":"max-image-preview:large","max-video-preview":"max-video-preview:-1"},"canonical":"https:\/\/zfi-berlin.de\/zentrum\/unser-team\/","og_locale":"de_DE","og_type":"article","og_title":"Team - Zentrum","og_description":"Lernen Sie unsere Mitarbeiter:innen der Zentrum f\u00fcr Infektiologie GmbH kennen.","og_url":"https:\/\/zfi-berlin.de\/zentrum\/unser-team\/","og_site_name":"Zentrum","article_modified_time":"2024-10-30T08:40:08+00:00","og_image":[{"width":151,"height":151,"url":"https:\/\/zfi-berlin.de\/zentrum\/wp-content\/uploads\/sites\/2\/2022\/05\/Zentrum-Infektiologie_Favicon_Dach.png","type":"image\/png"}],"twitter_card":"summary_large_image","twitter_misc":{"Gesch\u00e4tzte Lesezeit":"3\u00a0Minuten"},"schema":{"@context":"https:\/\/schema.org","@graph":[{"@type":"WebPage","@id":"https:\/\/zfi-berlin.de\/zentrum\/unser-team\/","url":"https:\/\/zfi-berlin.de\/zentrum\/unser-team\/","name":"Team - Zentrum","isPartOf":{"@id":"https:\/\/zfi-berlin.de\/zentrum\/#website"},"primaryImageOfPage":{"@id":"https:\/\/zfi-berlin.de\/zentrum\/unser-team\/#primaryimage"},"image":{"@id":"https:\/\/zfi-berlin.de\/zentrum\/unser-team\/#primaryimage"},"thumbnailUrl":"https:\/\/zfi-berlin.de\/zentrum\/wp-content\/uploads\/sites\/2\/2022\/05\/Zentrum-Infektiologie_Favicon_Dach.png","datePublished":"2021-12-21T11:01:11+00:00","dateModified":"2024-10-30T08:40:08+00:00","description":"Lernen Sie unsere Mitarbeiter:innen der Zentrum f\u00fcr Infektiologie GmbH kennen.","breadcrumb":{"@id":"https:\/\/zfi-berlin.de\/zentrum\/unser-team\/#breadcrumb"},"inLanguage":"de","potentialAction":[{"@type":"ReadAction","target":["https:\/\/zfi-berlin.de\/zentrum\/unser-team\/"]}]},{"@type":"ImageObject","inLanguage":"de","@id":"https:\/\/zfi-berlin.de\/zentrum\/unser-team\/#primaryimage","url":"https:\/\/zfi-berlin.de\/zentrum\/wp-content\/uploads\/sites\/2\/2022\/05\/Zentrum-Infektiologie_Favicon_Dach.png","contentUrl":"https:\/\/zfi-berlin.de\/zentrum\/wp-content\/uploads\/sites\/2\/2022\/05\/Zentrum-Infektiologie_Favicon_Dach.png","width":151,"height":151,"caption":"Zentrum fuer Infektiologie Favicon Logo der Dachmarke"},{"@type":"BreadcrumbList","@id":"https:\/\/zfi-berlin.de\/zentrum\/unser-team\/#breadcrumb","itemListElement":[{"@type":"ListItem","position":1,"name":"Startseite","item":"https:\/\/zfi-berlin.de\/zentrum\/"},{"@type":"ListItem","position":2,"name":"Team"}]},{"@type":"WebSite","@id":"https:\/\/zfi-berlin.de\/zentrum\/#website","url":"https:\/\/zfi-berlin.de\/zentrum\/","name":"Zentrum","description":"Zentrum f\u00fcr Infektiologie","publisher":{"@id":"https:\/\/zfi-berlin.de\/zentrum\/#organization"},"potentialAction":[{"@type":"SearchAction","target":{"@type":"EntryPoint","urlTemplate":"https:\/\/zfi-berlin.de\/zentrum\/?s={search_term_string}"},"query-input":{"@type":"PropertyValueSpecification","valueRequired":true,"valueName":"search_term_string"}}],"inLanguage":"de"},{"@type":"Organization","@id":"https:\/\/zfi-berlin.de\/zentrum\/#organization","name":"Zentrum f\u00fcr Infektiologie","url":"https:\/\/zfi-berlin.de\/zentrum\/","logo":{"@type":"ImageObject","inLanguage":"de","@id":"https:\/\/zfi-berlin.de\/zentrum\/#\/schema\/logo\/image\/","url":"https:\/\/zfi-berlin.de\/zentrum\/wp-content\/uploads\/sites\/2\/2021\/12\/Zentrum-Infektiologie_Logo.png","contentUrl":"https:\/\/zfi-berlin.de\/zentrum\/wp-content\/uploads\/sites\/2\/2021\/12\/Zentrum-Infektiologie_Logo.png","width":4216,"height":2730,"caption":"Zentrum f\u00fcr Infektiologie"},"image":{"@id":"https:\/\/zfi-berlin.de\/zentrum\/#\/schema\/logo\/image\/"}}]}},"_links":{"self":[{"href":"https:\/\/zfi-berlin.de\/zentrum\/wp-json\/wp\/v2\/pages\/10","targetHints":{"allow":["GET"]}}],"collection":[{"href":"https:\/\/zfi-berlin.de\/zentrum\/wp-json\/wp\/v2\/pages"}],"about":[{"href":"https:\/\/zfi-berlin.de\/zentrum\/wp-json\/wp\/v2\/types\/page"}],"author":[{"embeddable":true,"href":"https:\/\/zfi-berlin.de\/zentrum\/wp-json\/wp\/v2\/users\/3"}],"replies":[{"embeddable":true,"href":"https:\/\/zfi-berlin.de\/zentrum\/wp-json\/wp\/v2\/comments?post=10"}],"version-history":[{"count":10,"href":"https:\/\/zfi-berlin.de\/zentrum\/wp-json\/wp\/v2\/pages\/10\/revisions"}],"predecessor-version":[{"id":795,"href":"https:\/\/zfi-berlin.de\/zentrum\/wp-json\/wp\/v2\/pages\/10\/revisions\/795"}],"wp:featuredmedia":[{"embeddable":true,"href":"https:\/\/zfi-berlin.de\/zentrum\/wp-json\/wp\/v2\/media\/156"}],"wp:attachment":[{"href":"https:\/\/zfi-berlin.de\/zentrum\/wp-json\/wp\/v2\/media?parent=10"}],"curies":[{"name":"wp","href":"https:\/\/api.w.org\/{rel}","templated":true}]}}